{"id":8118,"date":"2022-02-11T11:49:21","date_gmt":"2022-02-11T10:49:21","guid":{"rendered":"https:\/\/terratuscia.com\/agriturismi\/pian-del-grano\/"},"modified":"2023-02-09T16:14:34","modified_gmt":"2023-02-09T15:14:34","slug":"pian-del-grano","status":"publish","type":"page","link":"https:\/\/terratuscia.com\/it\/agriturismi\/pian-del-grano\/","title":{"rendered":"Pian del Grano"},"content":{"rendered":"\n<div class=\"wp-block-group alignwide wp-block-group-hdm-no-margin has-white-background-color has-background is-layout-flow\">\n<div class=\"wp-block-columns alignwide is-layout-flex wp-container-4\">\n<div class=\"wp-block-column is-layout-flow\">\n<h1 class=\"has-text-align-left wp-block-heading\">Pian del Grano<\/h1>\n<\/div>\n\n\n\n<div class=\"wp-block-column is-vertically-aligned-center is-layout-flow\">\n<ul class=\"wp-block-social-links alignright has-small-icon-size items-justified-right items-justified-center is-layout-flex\"><li class=\"wp-social-link wp-social-link-chain wp-block-social-link\"><a rel=\" noopener nofollow\" target=\"_blank\" href=\"http:\/\/www.piandelgrano.it\" class=\"wp-block-social-link-anchor\"><svg width=\"24\" height=\"24\" viewBox=\"0 0 24 24\" version=\"1.1\" xmlns=\"http:\/\/www.w3.org\/2000\/svg\" aria-hidden=\"true\" focusable=\"false\"><path d=\"M19.647,16.706a1.134,1.134,0,0,0-.343-.833l-2.549-2.549a1.134,1.134,0,0,0-.833-.343,1.168,1.168,0,0,0-.883.392l.233.226q.2.189.264.264a2.922,2.922,0,0,1,.184.233.986.986,0,0,1,.159.312,1.242,1.242,0,0,1,.043.337,1.172,1.172,0,0,1-1.176,1.176,1.237,1.237,0,0,1-.337-.043,1,1,0,0,1-.312-.159,2.76,2.76,0,0,1-.233-.184q-.073-.068-.264-.264l-.226-.233a1.19,1.19,0,0,0-.4.895,1.134,1.134,0,0,0,.343.833L15.837,19.3a1.13,1.13,0,0,0,.833.331,1.18,1.18,0,0,0,.833-.318l1.8-1.789a1.12,1.12,0,0,0,.343-.821Zm-8.615-8.64a1.134,1.134,0,0,0-.343-.833L8.163,4.7a1.134,1.134,0,0,0-.833-.343,1.184,1.184,0,0,0-.833.331L4.7,6.473a1.12,1.12,0,0,0-.343.821,1.134,1.134,0,0,0,.343.833l2.549,2.549a1.13,1.13,0,0,0,.833.331,1.184,1.184,0,0,0,.883-.38L8.728,10.4q-.2-.189-.264-.264A2.922,2.922,0,0,1,8.28,9.9a.986.986,0,0,1-.159-.312,1.242,1.242,0,0,1-.043-.337A1.172,1.172,0,0,1,9.254,8.079a1.237,1.237,0,0,1,.337.043,1,1,0,0,1,.312.159,2.761,2.761,0,0,1,.233.184q.073.068.264.264l.226.233a1.19,1.19,0,0,0,.4-.895ZM22,16.706a3.343,3.343,0,0,1-1.042,2.488l-1.8,1.789a3.536,3.536,0,0,1-4.988-.025l-2.525-2.537a3.384,3.384,0,0,1-1.017-2.488,3.448,3.448,0,0,1,1.078-2.561l-1.078-1.078a3.434,3.434,0,0,1-2.549,1.078,3.4,3.4,0,0,1-2.5-1.029L3.029,9.794A3.4,3.4,0,0,1,2,7.294,3.343,3.343,0,0,1,3.042,4.806l1.8-1.789A3.384,3.384,0,0,1,7.331,2a3.357,3.357,0,0,1,2.5,1.042l2.525,2.537a3.384,3.384,0,0,1,1.017,2.488,3.448,3.448,0,0,1-1.078,2.561l1.078,1.078a3.551,3.551,0,0,1,5.049-.049l2.549,2.549A3.4,3.4,0,0,1,22,16.706Z\"><\/path><\/svg><span class=\"wp-block-social-link-label screen-reader-text\">Link<\/span><\/a><\/li><\/ul>\n<\/div>\n<\/div>\n\n\n\n<blockquote class=\"wp-block-quote\">\n<p>In mezzo al bellissimo paesaggio sopra il Lago di Bolsena si trova la tenuta &#8220;Pian del Grano&#8221;. Si guarda sulle dolci colline, il bel lago e il pittoresco villaggio di Grotte di Castro, costruito sul tufo.<\/p>\n<\/blockquote>\n\n\n\n<figure class=\"wp-block-image alignwide size-full is-style-rounded\"><img decoding=\"async\" loading=\"lazy\" width=\"1200\" height=\"400\" src=\"https:\/\/terratuscia.com\/wp-content\/uploads\/2022\/02\/pian-de-grano-banner.jpg\" alt=\"\" class=\"wp-image-6664\" srcset=\"https:\/\/terratuscia.com\/wp-content\/uploads\/2022\/02\/pian-de-grano-banner.jpg 1200w, https:\/\/terratuscia.com\/wp-content\/uploads\/2022\/02\/pian-de-grano-banner-768x256.jpg 768w\" sizes=\"(max-width: 1200px) 100vw, 1200px\" title=\"\"><\/figure>\n\n\n\n<div class=\"inherit-container-width wp-block-group alignwide has-white-background-color has-background is-layout-constrained\" style=\"padding-top:var(--wp--preset--spacing--50);padding-right:var(--wp--preset--spacing--50);padding-bottom:var(--wp--preset--spacing--50);padding-left:var(--wp--preset--spacing--50)\">\n<figure class=\"wp-block-image size-large is-resized\"><img decoding=\"async\" loading=\"lazy\" src=\"https:\/\/terratuscia.com\/wp-content\/uploads\/2022\/01\/new-quote.png\" alt=\"\" class=\"wp-image-53898\" width=\"32\" height=\"32\" title=\"\"><figcaption class=\"wp-element-caption\"><em>Joseph<\/em><\/figcaption><\/figure>\n\n\n\n<h4 class=\"alignwide wp-block-heading\">Nato a Beirut nel 1952, molto tempo fa, dopo molti anni di studio, lavoro e viaggi in quattro continenti, ho voluto realizzare un sogno alla fine della mia carriera. Tutto quello che posso dire \u00e8: la vita \u00e8 sempre stata generosa nel mostrarmi il percorso che mi porter\u00e0 alla mia meta. A un certo punto sono arrivato in Alta Tuscia, in un luogo benedetto dal cielo.<\/h4>\n<\/div>\n\n\n\n<div class=\"wp-block-columns alignwide is-layout-flex wp-container-9\">\n<div class=\"wp-block-column is-layout-flow\">\n<figure class=\"wp-block-image size-full is-style-rounded\"><img decoding=\"async\" loading=\"lazy\" width=\"600\" height=\"400\" src=\"https:\/\/terratuscia.com\/wp-content\/uploads\/2022\/02\/pian-de-grano-3.jpg\" alt=\"\" class=\"wp-image-6655\" title=\"\"><\/figure>\n<\/div>\n\n\n\n<div class=\"wp-block-column is-layout-flow\">\n<figure class=\"wp-block-image size-full is-style-rounded\"><img decoding=\"async\" loading=\"lazy\" width=\"600\" height=\"400\" src=\"https:\/\/terratuscia.com\/wp-content\/uploads\/2022\/02\/pian-de-grano-9.jpg\" alt=\"\" class=\"wp-image-6661\" title=\"\"><\/figure>\n<\/div>\n\n\n\n<div class=\"wp-block-column is-vertically-aligned-center is-layout-flow\">\n<p> Gli ospiti possono scegliere tra due appartamenti e sette camere, tutti arredati con gusto e attenzione ai dettagli. La grande terrazza, il giardino, una zona barbecue e varie aree di seduta vi invitano a rilassarvi o semplicemente a sedervi e guardarvi intorno. <\/p>\n<\/div>\n<\/div>\n\n\n\n<div class=\"inherit-container-width wp-block-group alignwide has-white-background-color has-background is-layout-constrained wp-container-10\" style=\"padding-top:var(--wp--preset--spacing--50);padding-right:var(--wp--preset--spacing--50);padding-bottom:var(--wp--preset--spacing--50);padding-left:var(--wp--preset--spacing--50)\">\n<figure class=\"wp-block-image size-large is-resized\"><img decoding=\"async\" loading=\"lazy\" src=\"https:\/\/terratuscia.com\/wp-content\/uploads\/2022\/01\/new-quote.png\" alt=\"\" class=\"wp-image-53898\" width=\"32\" height=\"32\" title=\"\"><\/figure>\n\n\n\n<h4 class=\"alignwide wp-block-heading\">La bellezza mozzafiato dei dintorni mi ha ispirato a reinventarmi. Dopo una vita passata a curare la salute delle persone come medico, ho voluto cimentarmi nell&#8217;agricoltura come imprenditore. La fattoria biologica che ho avviato \u00e8 in realt\u00e0 anche al servizio della salute della gente. Si vuole contribuire in piccolo alla protezione della natura e allo sviluppo sociale ed economico di questa bella regione. <\/h4>\n<\/div>\n\n\n\n<div class=\"wp-block-columns alignwide are-vertically-aligned-center is-layout-flex wp-container-14\">\n<div class=\"wp-block-column is-vertically-aligned-center is-layout-flow\" style=\"flex-basis:30%\">\n<figure class=\"wp-block-image size-full is-style-rounded\"><img decoding=\"async\" loading=\"lazy\" width=\"600\" height=\"400\" src=\"https:\/\/terratuscia.com\/wp-content\/uploads\/2022\/02\/pian-de-grano-7.jpg\" alt=\"\" class=\"wp-image-6659\" title=\"\"><\/figure>\n<\/div>\n\n\n\n<div class=\"wp-block-column is-vertically-aligned-center is-layout-flow\" style=\"flex-basis:30%\">\n<figure class=\"wp-block-image size-full is-style-rounded\"><img decoding=\"async\" loading=\"lazy\" width=\"600\" height=\"400\" src=\"https:\/\/terratuscia.com\/wp-content\/uploads\/2022\/02\/pian-de-grano-1.jpg\" alt=\"\" class=\"wp-image-6653\" title=\"\"><\/figure>\n<\/div>\n\n\n\n<div class=\"wp-block-column is-vertically-aligned-center is-layout-flow\" style=\"flex-basis:40%\">\n<p>Il salone con camino aperto offre un ambiente spettacolare di legno e vetro, confondendo la linea tra interno ed esterno. <\/p>\n\n\n\n<p>Joseph accoglie e cura gli ospiti ed \u00e8 il cuore e l&#8217;anima di Pian del Grano. Nella sua accogliente cucina della casa di campagna, prepara la deliziosa colazione con ingredienti della sua coltivazione biologica. Il resto di cui ha bisogno proviene dall&#8217;ambiente circostante.<\/p>\n<\/div>\n<\/div>\n\n\n\n<div class=\"inherit-container-width wp-block-group alignwide has-white-background-color has-background is-layout-constrained\" style=\"padding-top:var(--wp--preset--spacing--50);padding-right:var(--wp--preset--spacing--50);padding-bottom:var(--wp--preset--spacing--50);padding-left:var(--wp--preset--spacing--50)\">\n<figure class=\"wp-block-image size-large is-resized\"><img decoding=\"async\" loading=\"lazy\" src=\"https:\/\/terratuscia.com\/wp-content\/uploads\/2022\/01\/new-quote.png\" alt=\"\" class=\"wp-image-53898\" width=\"32\" height=\"32\" title=\"\"><\/figure>\n\n\n\n<h4 class=\"alignwide wp-block-heading\">Sono convinto che ci siano le condizioni per questo. \u00c8 bello vedere che la conservazione della natura e, in definitiva, la qualit\u00e0 della vita stanno prendendo un posto sempre pi\u00f9 importante nella nostra coscienza collettiva. Questo pu\u00f2 essere visto anche in molte iniziative che attuano effettivamente la protezione dell&#8217;ambiente nella pratica. Poi cambia qualcosa. Con il mio agriturismo e con un laboratorio di lavorazione di prodotti agricoli biologici, cerco di fare la mia parte. <\/h4>\n<\/div>\n\n\n\n<div class=\"wp-block-media-text alignwide has-media-on-the-right is-stacked-on-mobile is-vertically-aligned-center\"><div class=\"wp-block-media-text__content\">\n<p>Il concetto di energia sostenibile si basa sul fotovoltaico. Tra gli altri, zucchine, melanzane, pomodori, peperoni, lattuga, fichi, bacche, ciliegie, prugne, olive, cos\u00ec come ceci, lenticchie e orzo sono coltivati biologicamente in coltivazioni a rotazione che rispettano il suolo. Tutto ci\u00f2 che l&#8217;orto e la terra forniscono \u00e8 anche a disposizione degli ospiti per preparare i loro pasti.<\/p>\n\n\n\n<p>Nella loro piccola <a href=\"https:\/\/terratuscia.com\/de\/allgemein\/bellissimo-laboratorio-sta-cercando-prodotti-agricoli\/\" data-type=\"post\" data-id=\"8150\">cucina industriale<\/a> certificata biologica, fanno deliziose marmellate, zuppe, chutney e hummus, a seconda della stagione e dei raccolti.<br\/><br\/><\/p>\n<\/div><figure class=\"wp-block-media-text__media\"><img decoding=\"async\" loading=\"lazy\" width=\"600\" height=\"400\" src=\"https:\/\/terratuscia.com\/wp-content\/uploads\/2022\/02\/pian-de-grano-2.jpg\" alt=\"\" class=\"wp-image-6654 size-full\" title=\"\"><\/figure><\/div>\n\n\n\n<p>Pian del Grano pu\u00f2 ospitare eventi fino a 240 persone con catering esterno. <\/p>\n<\/div>\n","protected":false},"excerpt":{"rendered":"<p>Link In mezzo al bellissimo paesaggio sopra il Lago di Bolsena si trova la tenuta &#8220;Pian del Grano&#8221;. Si guarda sulle dolci colline, il bel lago e il pittoresco villaggio di Grotte di Castro, costruito sul tufo. Joseph Gli ospiti possono scegliere tra due appartamenti e sette camere, tutti arredati con gusto e attenzione ai &hellip;<\/p>\n<p class=\"read-more\"> <a class=\"ast-button\" href=\"https:\/\/terratuscia.com\/it\/agriturismi\/pian-del-grano\/\"> <span class=\"screen-reader-text\">Pian del Grano<\/span> Leggi tutto \u00bb<\/a><\/p>\n","protected":false},"author":1,"featured_media":7241,"parent":7373,"menu_order":0,"comment_status":"open","ping_status":"closed","template":"","meta":{"_uag_custom_page_level_css":"","site-sidebar-layout":"default","site-content-layout":"default","ast-global-header-display":"","ast-banner-title-visibility":"","ast-main-header-display":"","ast-hfb-above-header-display":"","ast-hfb-below-header-display":"","ast-hfb-mobile-header-display":"","site-post-title":"disabled","ast-breadcrumbs-content":"","ast-featured-img":"disabled","footer-sml-layout":"","theme-transparent-header-meta":"","adv-header-id-meta":"","stick-header-meta":"","header-above-stick-meta":"","header-main-stick-meta":"","header-below-stick-meta":""},"uagb_featured_image_src":{"full":["https:\/\/terratuscia.com\/wp-content\/uploads\/2022\/02\/pian-de-grano-2.jpg",600,400,false],"thumbnail":["https:\/\/terratuscia.com\/wp-content\/uploads\/2022\/02\/pian-de-grano-2-150x150.jpg",150,150,true],"medium":["https:\/\/terratuscia.com\/wp-content\/uploads\/2022\/02\/pian-de-grano-2.jpg",600,400,false],"medium_large":["https:\/\/terratuscia.com\/wp-content\/uploads\/2022\/02\/pian-de-grano-2.jpg",600,400,false],"large":["https:\/\/terratuscia.com\/wp-content\/uploads\/2022\/02\/pian-de-grano-2.jpg",600,400,false],"1536x1536":["https:\/\/terratuscia.com\/wp-content\/uploads\/2022\/02\/pian-de-grano-2.jpg",600,400,false],"2048x2048":["https:\/\/terratuscia.com\/wp-content\/uploads\/2022\/02\/pian-de-grano-2.jpg",600,400,false],"woocommerce_thumbnail":["https:\/\/terratuscia.com\/wp-content\/uploads\/2022\/02\/pian-de-grano-2-350x350.jpg",350,350,true],"woocommerce_single":["https:\/\/terratuscia.com\/wp-content\/uploads\/2022\/02\/pian-de-grano-2.jpg",600,400,false],"woocommerce_gallery_thumbnail":["https:\/\/terratuscia.com\/wp-content\/uploads\/2022\/02\/pian-de-grano-2-200x200.jpg",200,200,true]},"uagb_author_info":{"display_name":"HolgerD","author_link":"https:\/\/terratuscia.com\/it\/author\/holgerd\/"},"uagb_comment_info":1,"uagb_excerpt":"Link In mezzo al bellissimo paesaggio sopra il Lago di Bolsena si trova la tenuta &#8220;Pian del Grano&#8221;. Si guarda sulle dolci colline, il bel lago e il pittoresco villaggio di Grotte di Castro, costruito sul tufo. Joseph Gli ospiti possono scegliere tra due appartamenti e sette camere, tutti arredati con gusto e attenzione ai&hellip;","_links":{"self":[{"href":"https:\/\/terratuscia.com\/it\/wp-json\/wp\/v2\/pages\/8118"}],"collection":[{"href":"https:\/\/terratuscia.com\/it\/wp-json\/wp\/v2\/pages"}],"about":[{"href":"https:\/\/terratuscia.com\/it\/wp-json\/wp\/v2\/types\/page"}],"author":[{"embeddable":true,"href":"https:\/\/terratuscia.com\/it\/wp-json\/wp\/v2\/users\/1"}],"replies":[{"embeddable":true,"href":"https:\/\/terratuscia.com\/it\/wp-json\/wp\/v2\/comments?post=8118"}],"version-history":[{"count":2,"href":"https:\/\/terratuscia.com\/it\/wp-json\/wp\/v2\/pages\/8118\/revisions"}],"predecessor-version":[{"id":14569,"href":"https:\/\/terratuscia.com\/it\/wp-json\/wp\/v2\/pages\/8118\/revisions\/14569"}],"up":[{"embeddable":true,"href":"https:\/\/terratuscia.com\/it\/wp-json\/wp\/v2\/pages\/7373"}],"wp:featuredmedia":[{"embeddable":true,"href":"https:\/\/terratuscia.com\/it\/wp-json\/wp\/v2\/media\/7241"}],"wp:attachment":[{"href":"https:\/\/terratuscia.com\/it\/wp-json\/wp\/v2\/media?parent=8118"}],"curies":[{"name":"wp","href":"https:\/\/api.w.org\/{rel}","templated":true}]}}